{"id":200,"date":"2024-01-26T06:20:49","date_gmt":"2024-01-26T05:20:49","guid":{"rendered":"https:\/\/xn--caminotlvision-hkbb.com\/?page_id=200"},"modified":"2025-10-15T19:40:22","modified_gmt":"2025-10-15T17:40:22","slug":"carnet-de-route-du-compostelle-en-hiver-2023-2024","status":"publish","type":"page","link":"https:\/\/xn--caminotlvision-hkbb.com\/index.php\/carnet-de-route-du-compostelle-en-hiver-2023-2024\/","title":{"rendered":"Saint Jacques de Compostelle via le GR65 et le Camino Frances"},"content":{"rendered":"\t\t<div data-elementor-type=\"wp-page\" data-elementor-id=\"200\" class=\"elementor elementor-200\">\n\t\t\t\t<div class=\"elementor-element elementor-element-b50436d e-flex e-con-boxed e-con e-parent\" data-id=\"b50436d\" data-element_type=\"container\" data-e-type=\"container\">\n\t\t\t\t\t<div class=\"e-con-inner\">\n\t\t\t\t<div class=\"elementor-element elementor-element-f1415b2 elementor-widget elementor-widget-image\" data-id=\"f1415b2\" data-element_type=\"widget\" data-e-type=\"widget\" data-widget_type=\"image.default\">\n\t\t\t\t<div class=\"elementor-widget-container\">\n\t\t\t\t\t\t\t\t\t\t\t\t\t\t\t<img fetchpriority=\"high\" decoding=\"async\" width=\"1920\" height=\"500\" src=\"https:\/\/xn--caminotlvision-hkbb.com\/wp-content\/uploads\/2024\/01\/les-bandeaux-hiver-printemps.jpg\" class=\"attachment-full size-full wp-image-203\" alt=\"\" srcset=\"https:\/\/xn--caminotlvision-hkbb.com\/wp-content\/uploads\/2024\/01\/les-bandeaux-hiver-printemps.jpg 1920w, https:\/\/xn--caminotlvision-hkbb.com\/wp-content\/uploads\/2024\/01\/les-bandeaux-hiver-printemps-300x78.jpg 300w, https:\/\/xn--caminotlvision-hkbb.com\/wp-content\/uploads\/2024\/01\/les-bandeaux-hiver-printemps-1024x267.jpg 1024w, https:\/\/xn--caminotlvision-hkbb.com\/wp-content\/uploads\/2024\/01\/les-bandeaux-hiver-printemps-768x200.jpg 768w, https:\/\/xn--caminotlvision-hkbb.com\/wp-content\/uploads\/2024\/01\/les-bandeaux-hiver-printemps-1536x400.jpg 1536w\" sizes=\"(max-width: 1920px) 100vw, 1920px\" \/>\t\t\t\t\t\t\t\t\t\t\t\t\t\t\t<\/div>\n\t\t\t\t<\/div>\n\t\t\t\t<div class=\"elementor-element elementor-element-1a8df46 elementor-widget elementor-widget-text-editor\" data-id=\"1a8df46\" data-element_type=\"widget\" data-e-type=\"widget\" data-widget_type=\"text-editor.default\">\n\t\t\t\t<div class=\"elementor-widget-container\">\n\t\t\t\t\t\t\t\t\t<p>Marcher du Puy-en-Velay vers Compostelle via le GR65 est une aventure qui vous permettra de vous reconnecter avec vous-m\u00eame, de d\u00e9couvrir des paysages magnifiques et de vivre une exp\u00e9rience spirituelle unique. Que vous soyez croyant ou non, cette marche vous laissera des souvenirs imp\u00e9rissables et vous donnera une perspective nouvelle sur la vie.<br \/>Alors, pr\u00e9parez votre sac \u00e0 dos, enfilez vos chaussures de randonn\u00e9e et lancez-vous dans cette aventure. Bon voyage !<\/p>\t\t\t\t\t\t\t\t<\/div>\n\t\t\t\t<\/div>\n\t\t\t\t\t<\/div>\n\t\t\t\t<\/div>\n\t\t<div class=\"elementor-element elementor-element-dd4cf25 e-flex e-con-boxed e-con e-parent\" data-id=\"dd4cf25\" data-element_type=\"container\" data-e-type=\"container\">\n\t\t\t\t\t<div class=\"e-con-inner\">\n\t\t<div class=\"elementor-element elementor-element-638ff07 e-con-full e-flex e-con e-child\" data-id=\"638ff07\" data-element_type=\"container\" data-e-type=\"container\">\n\t\t\t\t<div class=\"elementor-element elementor-element-a0449c5 elementor-widget elementor-widget-image\" data-id=\"a0449c5\" data-element_type=\"widget\" data-e-type=\"widget\" data-widget_type=\"image.default\">\n\t\t\t\t<div class=\"elementor-widget-container\">\n\t\t\t\t\t\t\t\t\t\t\t\t<figure class=\"wp-caption\">\n\t\t\t\t\t\t\t\t\t\t\t<a href=\"https:\/\/xn--caminotlvision-hkbb.com\/index.php\/2024\/01\/15\/arrivee-et-1ere-etape-du-pelerinage-vers-compostelle\/\">\n\t\t\t\t\t\t\t<img decoding=\"async\" width=\"800\" height=\"209\" src=\"https:\/\/xn--caminotlvision-hkbb.com\/wp-content\/uploads\/2024\/02\/bandeau-etape-1-b-1024x267.jpg\" class=\"attachment-large size-large wp-image-2155\" alt=\"\" srcset=\"https:\/\/xn--caminotlvision-hkbb.com\/wp-content\/uploads\/2024\/02\/bandeau-etape-1-b-1024x267.jpg 1024w, https:\/\/xn--caminotlvision-hkbb.com\/wp-content\/uploads\/2024\/02\/bandeau-etape-1-b-300x78.jpg 300w, https:\/\/xn--caminotlvision-hkbb.com\/wp-content\/uploads\/2024\/02\/bandeau-etape-1-b-768x200.jpg 768w, https:\/\/xn--caminotlvision-hkbb.com\/wp-content\/uploads\/2024\/02\/bandeau-etape-1-b-1536x400.jpg 1536w, https:\/\/xn--caminotlvision-hkbb.com\/wp-content\/uploads\/2024\/02\/bandeau-etape-1-b.jpg 1920w\" sizes=\"(max-width: 800px) 100vw, 800px\" \/>\t\t\t\t\t\t\t\t<\/a>\n\t\t\t\t\t\t\t\t\t\t\t<figcaption class=\"widget-image-caption wp-caption-text\">Extrait: La route de Compostelle en hiver semble \u00eatre un parcours de contrastes. Le sentier du GR65, qui serpente entre l\u2019Auvergne et l\u2019Atlantique, est souvent parsem\u00e9 de boue, de ruisseau en crue, de neige et de glace, \u00e9l\u00e9ments qui offrent une beaut\u00e9 aust\u00e8re,<\/figcaption>\n\t\t\t\t\t\t\t\t\t\t<\/figure>\n\t\t\t\t\t\t\t\t\t<\/div>\n\t\t\t\t<\/div>\n\t\t\t\t<\/div>\n\t\t<div class=\"elementor-element elementor-element-bf5b000 e-con-full e-flex e-con e-child\" data-id=\"bf5b000\" data-element_type=\"container\" data-e-type=\"container\">\n\t\t\t\t<div class=\"elementor-element elementor-element-c82b204 elementor-widget elementor-widget-image\" data-id=\"c82b204\" data-element_type=\"widget\" data-e-type=\"widget\" data-widget_type=\"image.default\">\n\t\t\t\t<div class=\"elementor-widget-container\">\n\t\t\t\t\t\t\t\t\t\t\t\t<figure class=\"wp-caption\">\n\t\t\t\t\t\t\t\t\t\t\t<a href=\"https:\/\/xn--caminotlvision-hkbb.com\/index.php\/2024\/01\/17\/etapes-n2-montbonnet-a-rochegudes\/\">\n\t\t\t\t\t\t\t<img decoding=\"async\" width=\"800\" height=\"209\" src=\"https:\/\/xn--caminotlvision-hkbb.com\/wp-content\/uploads\/2024\/02\/bandeau-etape-2b-1024x267.jpg\" class=\"attachment-large size-large wp-image-2159\" alt=\"\" srcset=\"https:\/\/xn--caminotlvision-hkbb.com\/wp-content\/uploads\/2024\/02\/bandeau-etape-2b-1024x267.jpg 1024w, https:\/\/xn--caminotlvision-hkbb.com\/wp-content\/uploads\/2024\/02\/bandeau-etape-2b-300x78.jpg 300w, https:\/\/xn--caminotlvision-hkbb.com\/wp-content\/uploads\/2024\/02\/bandeau-etape-2b-768x200.jpg 768w, https:\/\/xn--caminotlvision-hkbb.com\/wp-content\/uploads\/2024\/02\/bandeau-etape-2b-1536x400.jpg 1536w, https:\/\/xn--caminotlvision-hkbb.com\/wp-content\/uploads\/2024\/02\/bandeau-etape-2b.jpg 1920w\" sizes=\"(max-width: 800px) 100vw, 800px\" \/>\t\t\t\t\t\t\t\t<\/a>\n\t\t\t\t\t\t\t\t\t\t\t<figcaption class=\"widget-image-caption wp-caption-text\">Extrait: Pour moi la distance vers Rochegude n\u2019est pas grande, entre 11 et 12 km mais la descente sur Saint Privat d'Allier \u00e9tait plut\u00f4t difficile vu la nature du terrain, tr\u00e8s glissant \u00e0 cause du crachin.<\/figcaption>\n\t\t\t\t\t\t\t\t\t\t<\/figure>\n\t\t\t\t\t\t\t\t\t<\/div>\n\t\t\t\t<\/div>\n\t\t\t\t<\/div>\n\t\t<div class=\"elementor-element elementor-element-9503809 e-con-full e-flex e-con e-child\" data-id=\"9503809\" data-element_type=\"container\" data-e-type=\"container\">\n\t\t\t\t<div class=\"elementor-element elementor-element-f3646be elementor-widget elementor-widget-image\" data-id=\"f3646be\" data-element_type=\"widget\" data-e-type=\"widget\" data-widget_type=\"image.default\">\n\t\t\t\t<div class=\"elementor-widget-container\">\n\t\t\t\t\t\t\t\t\t\t\t\t<figure class=\"wp-caption\">\n\t\t\t\t\t\t\t\t\t\t\t<a href=\"https:\/\/xn--caminotlvision-hkbb.com\/index.php\/2024\/01\/17\/etape-n3-de-rochegude-a-saugues\/\">\n\t\t\t\t\t\t\t<img loading=\"lazy\" decoding=\"async\" width=\"800\" height=\"209\" src=\"https:\/\/xn--caminotlvision-hkbb.com\/wp-content\/uploads\/2024\/02\/bandeau-etape-3c-1024x267.jpg\" class=\"attachment-large size-large wp-image-2162\" alt=\"\" srcset=\"https:\/\/xn--caminotlvision-hkbb.com\/wp-content\/uploads\/2024\/02\/bandeau-etape-3c-1024x267.jpg 1024w, https:\/\/xn--caminotlvision-hkbb.com\/wp-content\/uploads\/2024\/02\/bandeau-etape-3c-300x78.jpg 300w, https:\/\/xn--caminotlvision-hkbb.com\/wp-content\/uploads\/2024\/02\/bandeau-etape-3c-768x200.jpg 768w, https:\/\/xn--caminotlvision-hkbb.com\/wp-content\/uploads\/2024\/02\/bandeau-etape-3c-1536x400.jpg 1536w, https:\/\/xn--caminotlvision-hkbb.com\/wp-content\/uploads\/2024\/02\/bandeau-etape-3c.jpg 1920w\" sizes=\"(max-width: 800px) 100vw, 800px\" \/>\t\t\t\t\t\t\t\t<\/a>\n\t\t\t\t\t\t\t\t\t\t\t<figcaption class=\"widget-image-caption wp-caption-text\">Extrait: Apr\u00e8s un petit d\u00e9jeuner copieux concoct\u00e9 par Franck nous prenons cong\u00e9. Nathalie me demande que je lui envoie une photo de Compostelle. Promis, jur\u00e9 je le ferai. Franck insiste pour que nous allions nous recueillir dans la petite chapelle qui domine Rochegude.<\/figcaption>\n\t\t\t\t\t\t\t\t\t\t<\/figure>\n\t\t\t\t\t\t\t\t\t<\/div>\n\t\t\t\t<\/div>\n\t\t\t\t<\/div>\n\t\t<div class=\"elementor-element elementor-element-2046401 e-con-full e-flex e-con e-child\" data-id=\"2046401\" data-element_type=\"container\" data-e-type=\"container\">\n\t\t\t\t<div class=\"elementor-element elementor-element-a5c16d9 elementor-widget elementor-widget-image\" data-id=\"a5c16d9\" data-element_type=\"widget\" data-e-type=\"widget\" data-widget_type=\"image.default\">\n\t\t\t\t<div class=\"elementor-widget-container\">\n\t\t\t\t\t\t\t\t\t\t\t\t<figure class=\"wp-caption\">\n\t\t\t\t\t\t\t\t\t\t\t<a href=\"https:\/\/xn--caminotlvision-hkbb.com\/index.php\/2024\/01\/22\/4eme-etape-de-saugues-a-sauvage\/\">\n\t\t\t\t\t\t\t<img loading=\"lazy\" decoding=\"async\" width=\"800\" height=\"209\" src=\"https:\/\/xn--caminotlvision-hkbb.com\/wp-content\/uploads\/2024\/02\/bandeau-etape-4b-1024x267.jpg\" class=\"attachment-large size-large wp-image-2163\" alt=\"\" srcset=\"https:\/\/xn--caminotlvision-hkbb.com\/wp-content\/uploads\/2024\/02\/bandeau-etape-4b-1024x267.jpg 1024w, https:\/\/xn--caminotlvision-hkbb.com\/wp-content\/uploads\/2024\/02\/bandeau-etape-4b-300x78.jpg 300w, https:\/\/xn--caminotlvision-hkbb.com\/wp-content\/uploads\/2024\/02\/bandeau-etape-4b-768x200.jpg 768w, https:\/\/xn--caminotlvision-hkbb.com\/wp-content\/uploads\/2024\/02\/bandeau-etape-4b-1536x400.jpg 1536w, https:\/\/xn--caminotlvision-hkbb.com\/wp-content\/uploads\/2024\/02\/bandeau-etape-4b.jpg 1920w\" sizes=\"(max-width: 800px) 100vw, 800px\" \/>\t\t\t\t\t\t\t\t<\/a>\n\t\t\t\t\t\t\t\t\t\t\t<figcaption class=\"widget-image-caption wp-caption-text\">Extrait: 7h30 petit d\u00e9jeuner avec les enfants de Maud qui vont partir \u00e0 l\u2019\u00e9cole. Ici les gamins sont tous supporters de L\u2019AS Saint Etienne. Ceci dit pour les gens de ma g\u00e9n\u00e9ration cela repr\u00e9sente quelque chose ces Verts. Puis pour moi c\u2019est le d\u00e9part.<\/figcaption>\n\t\t\t\t\t\t\t\t\t\t<\/figure>\n\t\t\t\t\t\t\t\t\t<\/div>\n\t\t\t\t<\/div>\n\t\t\t\t<\/div>\n\t\t<div class=\"elementor-element elementor-element-9b06525 e-con-full e-flex e-con e-child\" data-id=\"9b06525\" data-element_type=\"container\" data-e-type=\"container\">\n\t\t\t\t<div class=\"elementor-element elementor-element-122516e elementor-widget elementor-widget-image\" data-id=\"122516e\" data-element_type=\"widget\" data-e-type=\"widget\" data-widget_type=\"image.default\">\n\t\t\t\t<div class=\"elementor-widget-container\">\n\t\t\t\t\t\t\t\t\t\t\t\t<figure class=\"wp-caption\">\n\t\t\t\t\t\t\t\t\t\t\t<a href=\"https:\/\/xn--caminotlvision-hkbb.com\/index.php\/2024\/02\/04\/compostelle-etape-n5-le-sauvage-vers-aumont-aubrac\/\">\n\t\t\t\t\t\t\t<img loading=\"lazy\" decoding=\"async\" width=\"800\" height=\"209\" src=\"https:\/\/xn--caminotlvision-hkbb.com\/wp-content\/uploads\/2024\/02\/bandeau-etape-5-avec-titre-1024x267.jpg\" class=\"attachment-large size-large wp-image-1068\" alt=\"\" srcset=\"https:\/\/xn--caminotlvision-hkbb.com\/wp-content\/uploads\/2024\/02\/bandeau-etape-5-avec-titre-1024x267.jpg 1024w, https:\/\/xn--caminotlvision-hkbb.com\/wp-content\/uploads\/2024\/02\/bandeau-etape-5-avec-titre-300x78.jpg 300w, https:\/\/xn--caminotlvision-hkbb.com\/wp-content\/uploads\/2024\/02\/bandeau-etape-5-avec-titre-768x200.jpg 768w, https:\/\/xn--caminotlvision-hkbb.com\/wp-content\/uploads\/2024\/02\/bandeau-etape-5-avec-titre-1536x400.jpg 1536w, https:\/\/xn--caminotlvision-hkbb.com\/wp-content\/uploads\/2024\/02\/bandeau-etape-5-avec-titre.jpg 1920w\" sizes=\"(max-width: 800px) 100vw, 800px\" \/>\t\t\t\t\t\t\t\t<\/a>\n\t\t\t\t\t\t\t\t\t\t\t<figcaption class=\"widget-image-caption wp-caption-text\">Extrait:je m\u2019\u00e9quipe pour partir. 26 km au menu pour arriver \u00e0 Aumont-Aubrac. Le d\u00e9part 8h30, le brouillard n'est toujours pas lev\u00e9.  On ne voit pas \u00e0 plus de 200 m\u00e8tres,  le chemin est verglac\u00e9.<\/figcaption>\n\t\t\t\t\t\t\t\t\t\t<\/figure>\n\t\t\t\t\t\t\t\t\t<\/div>\n\t\t\t\t<\/div>\n\t\t\t\t<\/div>\n\t\t<div class=\"elementor-element elementor-element-4c1febe e-con-full e-flex e-con e-child\" data-id=\"4c1febe\" data-element_type=\"container\" data-e-type=\"container\">\n\t\t\t\t<div class=\"elementor-element elementor-element-057cd8d elementor-widget elementor-widget-image\" data-id=\"057cd8d\" data-element_type=\"widget\" data-e-type=\"widget\" data-widget_type=\"image.default\">\n\t\t\t\t<div class=\"elementor-widget-container\">\n\t\t\t\t\t\t\t\t\t\t\t\t<figure class=\"wp-caption\">\n\t\t\t\t\t\t\t\t\t\t\t<a href=\"https:\/\/xn--caminotlvision-hkbb.com\/index.php\/2024\/02\/05\/le-gr65-entre-aumont-aubrac-et-nasbinal\/\">\n\t\t\t\t\t\t\t<img loading=\"lazy\" decoding=\"async\" width=\"800\" height=\"209\" src=\"https:\/\/xn--caminotlvision-hkbb.com\/wp-content\/uploads\/2024\/02\/bandeau-6-eme-etape-avec-titre-B-1024x267.jpg\" class=\"attachment-large size-large wp-image-1163\" alt=\"\" srcset=\"https:\/\/xn--caminotlvision-hkbb.com\/wp-content\/uploads\/2024\/02\/bandeau-6-eme-etape-avec-titre-B-1024x267.jpg 1024w, https:\/\/xn--caminotlvision-hkbb.com\/wp-content\/uploads\/2024\/02\/bandeau-6-eme-etape-avec-titre-B-300x78.jpg 300w, https:\/\/xn--caminotlvision-hkbb.com\/wp-content\/uploads\/2024\/02\/bandeau-6-eme-etape-avec-titre-B-768x200.jpg 768w, https:\/\/xn--caminotlvision-hkbb.com\/wp-content\/uploads\/2024\/02\/bandeau-6-eme-etape-avec-titre-B-1536x400.jpg 1536w, https:\/\/xn--caminotlvision-hkbb.com\/wp-content\/uploads\/2024\/02\/bandeau-6-eme-etape-avec-titre-B.jpg 1920w\" sizes=\"(max-width: 800px) 100vw, 800px\" \/>\t\t\t\t\t\t\t\t<\/a>\n\t\t\t\t\t\t\t\t\t\t\t<figcaption class=\"widget-image-caption wp-caption-text\">Extrait: Il est 8h30 je me pr\u00e9pare \u00e0 partir apr\u00e8s un petit d\u00e9jeuner copieux. C\u2019est mon 6eme jour. Je suis \u00e0 la sortie du village sur le GR. Deux randonneurs ou p\u00e8lerins passent, devant ma fen\u00eatre, \u00e0 grande vitesse.  A mon tour je m\u2019\u00e9lance sur le chemin. <\/figcaption>\n\t\t\t\t\t\t\t\t\t\t<\/figure>\n\t\t\t\t\t\t\t\t\t<\/div>\n\t\t\t\t<\/div>\n\t\t\t\t<\/div>\n\t\t\t\t\t<\/div>\n\t\t\t\t<\/div>\n\t\t<div class=\"elementor-element elementor-element-9699fda e-flex e-con-boxed e-con e-parent\" data-id=\"9699fda\" data-element_type=\"container\" data-e-type=\"container\">\n\t\t\t\t\t<div class=\"e-con-inner\">\n\t\t<div class=\"elementor-element elementor-element-aa3eb76 e-con-full e-flex e-con e-child\" data-id=\"aa3eb76\" data-element_type=\"container\" data-e-type=\"container\">\n\t\t\t\t<div class=\"elementor-element elementor-element-2f9eccb elementor-widget elementor-widget-image\" data-id=\"2f9eccb\" data-element_type=\"widget\" data-e-type=\"widget\" data-widget_type=\"image.default\">\n\t\t\t\t<div class=\"elementor-widget-container\">\n\t\t\t\t\t\t\t\t\t\t\t\t<figure class=\"wp-caption\">\n\t\t\t\t\t\t\t\t\t\t\t<a href=\"https:\/\/xn--caminotlvision-hkbb.com\/index.php\/2024\/02\/11\/compostelle-en-hiver-etape-n7-de-nasbinal-a-camps-destelat\/\">\n\t\t\t\t\t\t\t<img loading=\"lazy\" decoding=\"async\" width=\"800\" height=\"209\" src=\"https:\/\/xn--caminotlvision-hkbb.com\/wp-content\/uploads\/2024\/02\/bandeau-7eme-etape-avec-texte-1024x267.jpg\" class=\"attachment-large size-large wp-image-1279\" alt=\"\" srcset=\"https:\/\/xn--caminotlvision-hkbb.com\/wp-content\/uploads\/2024\/02\/bandeau-7eme-etape-avec-texte-1024x267.jpg 1024w, https:\/\/xn--caminotlvision-hkbb.com\/wp-content\/uploads\/2024\/02\/bandeau-7eme-etape-avec-texte-300x78.jpg 300w, https:\/\/xn--caminotlvision-hkbb.com\/wp-content\/uploads\/2024\/02\/bandeau-7eme-etape-avec-texte-768x200.jpg 768w, https:\/\/xn--caminotlvision-hkbb.com\/wp-content\/uploads\/2024\/02\/bandeau-7eme-etape-avec-texte-1536x400.jpg 1536w, https:\/\/xn--caminotlvision-hkbb.com\/wp-content\/uploads\/2024\/02\/bandeau-7eme-etape-avec-texte.jpg 1920w\" sizes=\"(max-width: 800px) 100vw, 800px\" \/>\t\t\t\t\t\t\t\t<\/a>\n\t\t\t\t\t\t\t\t\t\t\t<figcaption class=\"widget-image-caption wp-caption-text\">Extrait: Du coup je bois un dernier caf\u00e9 et j\u2019entame ma 7eme \u00e9tape. La campagne est verglac\u00e9e. C\u2019est magnifique. Le froid \u00e9tant sec c\u2019est agr\u00e9able. Je prends plusieurs photos du paysage hivernal. Je suis subjugu\u00e9 par tant de beaut\u00e9 givr\u00e9e. La station de ski de Nasbinal m'intrigue aussi je d\u00e9cide de me d\u00e9tourner du GR65.<\/figcaption>\n\t\t\t\t\t\t\t\t\t\t<\/figure>\n\t\t\t\t\t\t\t\t\t<\/div>\n\t\t\t\t<\/div>\n\t\t\t\t<\/div>\n\t\t<div class=\"elementor-element elementor-element-12e8085 e-con-full e-flex e-con e-child\" data-id=\"12e8085\" data-element_type=\"container\" data-e-type=\"container\">\n\t\t\t\t<div class=\"elementor-element elementor-element-ee970e5 elementor-widget elementor-widget-image\" data-id=\"ee970e5\" data-element_type=\"widget\" data-e-type=\"widget\" data-widget_type=\"image.default\">\n\t\t\t\t<div class=\"elementor-widget-container\">\n\t\t\t\t\t\t\t\t\t\t\t\t<figure class=\"wp-caption\">\n\t\t\t\t\t\t\t\t\t\t\t<a href=\"https:\/\/xn--caminotlvision-hkbb.com\/index.php\/2024\/02\/15\/compostelle-etape-n8-de-camps-destelas-a-saint-comes-dolt\/\">\n\t\t\t\t\t\t\t<img loading=\"lazy\" decoding=\"async\" width=\"800\" height=\"209\" src=\"https:\/\/xn--caminotlvision-hkbb.com\/wp-content\/uploads\/2024\/02\/les-bandeaux.-8B-avec-titre-1024x267.jpg\" class=\"attachment-large size-large wp-image-2175\" alt=\"\" srcset=\"https:\/\/xn--caminotlvision-hkbb.com\/wp-content\/uploads\/2024\/02\/les-bandeaux.-8B-avec-titre-1024x267.jpg 1024w, https:\/\/xn--caminotlvision-hkbb.com\/wp-content\/uploads\/2024\/02\/les-bandeaux.-8B-avec-titre-300x78.jpg 300w, https:\/\/xn--caminotlvision-hkbb.com\/wp-content\/uploads\/2024\/02\/les-bandeaux.-8B-avec-titre-768x200.jpg 768w, https:\/\/xn--caminotlvision-hkbb.com\/wp-content\/uploads\/2024\/02\/les-bandeaux.-8B-avec-titre-1536x400.jpg 1536w, https:\/\/xn--caminotlvision-hkbb.com\/wp-content\/uploads\/2024\/02\/les-bandeaux.-8B-avec-titre.jpg 1920w\" sizes=\"(max-width: 800px) 100vw, 800px\" \/>\t\t\t\t\t\t\t\t<\/a>\n\t\t\t\t\t\t\t\t\t\t\t<figcaption class=\"widget-image-caption wp-caption-text\">Extrait:Je me l\u00e8ve comme d\u2019habitude vers 7h30 \u00e0 croire que j\u2019ai comme une horloge dans la t\u00eate. J\u2019ai dormi comme un b\u00e9b\u00e9. Dehors Il fait encore nuit, et tout est gel\u00e9. Allez hop je me fais un petit d\u00e9jeuner vu que je suis seul dans le g\u00eete. Puis je fais un petit tour dans le jardin. Le jour se l\u00e8ve. <\/figcaption>\n\t\t\t\t\t\t\t\t\t\t<\/figure>\n\t\t\t\t\t\t\t\t\t<\/div>\n\t\t\t\t<\/div>\n\t\t\t\t<\/div>\n\t\t<div class=\"elementor-element elementor-element-bcd22e0 e-con-full e-flex e-con e-child\" data-id=\"bcd22e0\" data-element_type=\"container\" data-e-type=\"container\">\n\t\t\t\t<div class=\"elementor-element elementor-element-aae6896 elementor-widget elementor-widget-image\" data-id=\"aae6896\" data-element_type=\"widget\" data-e-type=\"widget\" data-widget_type=\"image.default\">\n\t\t\t\t<div class=\"elementor-widget-container\">\n\t\t\t\t\t\t\t\t\t\t\t\t<figure class=\"wp-caption\">\n\t\t\t\t\t\t\t\t\t\t\t<a href=\"https:\/\/xn--caminotlvision-hkbb.com\/index.php\/2024\/02\/19\/compostelle-etape-n9-de-saint-come-dolt-vers-estaing\/\">\n\t\t\t\t\t\t\t<img loading=\"lazy\" decoding=\"async\" width=\"800\" height=\"209\" src=\"https:\/\/xn--caminotlvision-hkbb.com\/wp-content\/uploads\/2024\/02\/les-bandeaux-9eme-journee-avec-titre-1024x267.jpg\" class=\"attachment-large size-large wp-image-2176\" alt=\"\" srcset=\"https:\/\/xn--caminotlvision-hkbb.com\/wp-content\/uploads\/2024\/02\/les-bandeaux-9eme-journee-avec-titre-1024x267.jpg 1024w, https:\/\/xn--caminotlvision-hkbb.com\/wp-content\/uploads\/2024\/02\/les-bandeaux-9eme-journee-avec-titre-300x78.jpg 300w, https:\/\/xn--caminotlvision-hkbb.com\/wp-content\/uploads\/2024\/02\/les-bandeaux-9eme-journee-avec-titre-768x200.jpg 768w, https:\/\/xn--caminotlvision-hkbb.com\/wp-content\/uploads\/2024\/02\/les-bandeaux-9eme-journee-avec-titre-1536x400.jpg 1536w, https:\/\/xn--caminotlvision-hkbb.com\/wp-content\/uploads\/2024\/02\/les-bandeaux-9eme-journee-avec-titre.jpg 1920w\" sizes=\"(max-width: 800px) 100vw, 800px\" \/>\t\t\t\t\t\t\t\t<\/a>\n\t\t\t\t\t\t\t\t\t\t\t<figcaption class=\"widget-image-caption wp-caption-text\">Extrait: Nous traversons le lot il est tr\u00e8s impressionnant en hiver. Les courants sont rapides. Visite de l\u2019\u00e9glise puis nous nous s\u00e9parons avec Joachim. Son chemin s'arr\u00eate l\u00e0. Le chef scout doit rentrer sur Paris car il encadre des jeunes le week-end suivant. Je suis un peu triste de voir mon compagnon de route partir.   <\/figcaption>\n\t\t\t\t\t\t\t\t\t\t<\/figure>\n\t\t\t\t\t\t\t\t\t<\/div>\n\t\t\t\t<\/div>\n\t\t\t\t<\/div>\n\t\t<div class=\"elementor-element elementor-element-f31b3cb e-con-full e-flex e-con e-child\" data-id=\"f31b3cb\" data-element_type=\"container\" data-e-type=\"container\">\n\t\t\t\t<div class=\"elementor-element elementor-element-1634cc3 elementor-widget elementor-widget-image\" data-id=\"1634cc3\" data-element_type=\"widget\" data-e-type=\"widget\" data-widget_type=\"image.default\">\n\t\t\t\t<div class=\"elementor-widget-container\">\n\t\t\t\t\t\t\t\t\t\t\t\t<figure class=\"wp-caption\">\n\t\t\t\t\t\t\t\t\t\t\t<a href=\"https:\/\/xn--caminotlvision-hkbb.com\/index.php\/2024\/02\/23\/compostelle-etape-n10-de-estaing-a-campuac\/\">\n\t\t\t\t\t\t\t<img loading=\"lazy\" decoding=\"async\" width=\"800\" height=\"209\" src=\"https:\/\/xn--caminotlvision-hkbb.com\/wp-content\/uploads\/2024\/02\/les-bandeaux-10eme-etape-avec-titre.B-1024x267.jpg\" class=\"attachment-large size-large wp-image-2195\" alt=\"\" srcset=\"https:\/\/xn--caminotlvision-hkbb.com\/wp-content\/uploads\/2024\/02\/les-bandeaux-10eme-etape-avec-titre.B-1024x267.jpg 1024w, https:\/\/xn--caminotlvision-hkbb.com\/wp-content\/uploads\/2024\/02\/les-bandeaux-10eme-etape-avec-titre.B-300x78.jpg 300w, https:\/\/xn--caminotlvision-hkbb.com\/wp-content\/uploads\/2024\/02\/les-bandeaux-10eme-etape-avec-titre.B-768x200.jpg 768w, https:\/\/xn--caminotlvision-hkbb.com\/wp-content\/uploads\/2024\/02\/les-bandeaux-10eme-etape-avec-titre.B-1536x400.jpg 1536w, https:\/\/xn--caminotlvision-hkbb.com\/wp-content\/uploads\/2024\/02\/les-bandeaux-10eme-etape-avec-titre.B.jpg 1920w\" sizes=\"(max-width: 800px) 100vw, 800px\" \/>\t\t\t\t\t\t\t\t<\/a>\n\t\t\t\t\t\t\t\t\t\t\t<figcaption class=\"widget-image-caption wp-caption-text\">Extrait: C\u2019est ma 10\u00e8me \u00e9tape. Le parcours n\u2019est pas long  13 kilom\u00e8tres avec du d\u00e9nivel\u00e9. La ville est dans les nuages. Quand on sort de la citadelle il faut monter, monter, monter. Une pente \u00e0 15% d\u00e8s le d\u00e9but, puis 10%, je ne m\u2019y attendais pas. <\/figcaption>\n\t\t\t\t\t\t\t\t\t\t<\/figure>\n\t\t\t\t\t\t\t\t\t<\/div>\n\t\t\t\t<\/div>\n\t\t\t\t<\/div>\n\t\t<div class=\"elementor-element elementor-element-31cfc8f e-con-full e-flex e-con e-child\" data-id=\"31cfc8f\" data-element_type=\"container\" data-e-type=\"container\">\n\t\t\t\t<div class=\"elementor-element elementor-element-730d2c6 elementor-widget elementor-widget-image\" data-id=\"730d2c6\" data-element_type=\"widget\" data-e-type=\"widget\" data-widget_type=\"image.default\">\n\t\t\t\t<div class=\"elementor-widget-container\">\n\t\t\t\t\t\t\t\t\t\t\t\t<figure class=\"wp-caption\">\n\t\t\t\t\t\t\t\t\t\t\t<a href=\"https:\/\/xn--caminotlvision-hkbb.com\/index.php\/2024\/02\/25\/compostelle-etape-n11-de-campuac-a-conques\/\">\n\t\t\t\t\t\t\t<img loading=\"lazy\" decoding=\"async\" width=\"800\" height=\"209\" src=\"https:\/\/xn--caminotlvision-hkbb.com\/wp-content\/uploads\/2024\/05\/11-eme-etape.2-1024x267.jpg\" class=\"attachment-large size-large wp-image-2734\" alt=\"\" srcset=\"https:\/\/xn--caminotlvision-hkbb.com\/wp-content\/uploads\/2024\/05\/11-eme-etape.2-1024x267.jpg 1024w, https:\/\/xn--caminotlvision-hkbb.com\/wp-content\/uploads\/2024\/05\/11-eme-etape.2-300x78.jpg 300w, https:\/\/xn--caminotlvision-hkbb.com\/wp-content\/uploads\/2024\/05\/11-eme-etape.2-768x200.jpg 768w, https:\/\/xn--caminotlvision-hkbb.com\/wp-content\/uploads\/2024\/05\/11-eme-etape.2-1536x400.jpg 1536w, https:\/\/xn--caminotlvision-hkbb.com\/wp-content\/uploads\/2024\/05\/11-eme-etape.2.jpg 1920w\" sizes=\"(max-width: 800px) 100vw, 800px\" \/>\t\t\t\t\t\t\t\t<\/a>\n\t\t\t\t\t\t\t\t\t\t\t<figcaption class=\"widget-image-caption wp-caption-text\">Extrait: Jeudi 30 Novembre \u00e9tape Campuac (g\u00eete du Barthas) vers Conques. Apr\u00e8s un petit d\u00e9jeuner somptueux fa\u00e7on Mimi nous reprenons la route avec Ascagne mon nouveau compagnon de chemin en direction de Conques sous une pluie battante qui va perdurer jusqu\u2019au soir du 2 d\u00e9cembre. <\/figcaption>\n\t\t\t\t\t\t\t\t\t\t<\/figure>\n\t\t\t\t\t\t\t\t\t<\/div>\n\t\t\t\t<\/div>\n\t\t\t\t<\/div>\n\t\t<div class=\"elementor-element elementor-element-f68e946 e-con-full e-flex e-con e-child\" data-id=\"f68e946\" data-element_type=\"container\" data-e-type=\"container\">\n\t\t\t\t<div class=\"elementor-element elementor-element-93e7053 elementor-widget elementor-widget-image\" data-id=\"93e7053\" data-element_type=\"widget\" data-e-type=\"widget\" data-widget_type=\"image.default\">\n\t\t\t\t<div class=\"elementor-widget-container\">\n\t\t\t\t\t\t\t\t\t\t\t\t<figure class=\"wp-caption\">\n\t\t\t\t\t\t\t\t\t\t\t<a href=\"https:\/\/xn--caminotlvision-hkbb.com\/index.php\/2024\/07\/09\/etape-n13-de-livinhac-le-haut-a-figeac\/\">\n\t\t\t\t\t\t\t<img loading=\"lazy\" decoding=\"async\" width=\"800\" height=\"209\" src=\"https:\/\/xn--caminotlvision-hkbb.com\/wp-content\/uploads\/2024\/07\/les-bandeaux-13-eme-etape-livinhac-figeac-1-1024x267.jpg\" class=\"attachment-large size-large wp-image-2869\" alt=\"\" srcset=\"https:\/\/xn--caminotlvision-hkbb.com\/wp-content\/uploads\/2024\/07\/les-bandeaux-13-eme-etape-livinhac-figeac-1-1024x267.jpg 1024w, https:\/\/xn--caminotlvision-hkbb.com\/wp-content\/uploads\/2024\/07\/les-bandeaux-13-eme-etape-livinhac-figeac-1-300x78.jpg 300w, https:\/\/xn--caminotlvision-hkbb.com\/wp-content\/uploads\/2024\/07\/les-bandeaux-13-eme-etape-livinhac-figeac-1-768x200.jpg 768w, https:\/\/xn--caminotlvision-hkbb.com\/wp-content\/uploads\/2024\/07\/les-bandeaux-13-eme-etape-livinhac-figeac-1-1536x400.jpg 1536w, https:\/\/xn--caminotlvision-hkbb.com\/wp-content\/uploads\/2024\/07\/les-bandeaux-13-eme-etape-livinhac-figeac-1.jpg 1920w\" sizes=\"(max-width: 800px) 100vw, 800px\" \/>\t\t\t\t\t\t\t\t<\/a>\n\t\t\t\t\t\t\t\t\t\t\t<figcaption class=\"widget-image-caption wp-caption-text\">Extrait: La pluie a cess\u00e9 et ce matin le soleil est l\u00e0. C\u2019est plut\u00f4t cool. Nous traversons le village, puis nous suivons le GR. Dans les hauteurs je jette un petit coup d\u2019\u0153il en arri\u00e8re et j\u2019aper\u00e7ois Livinhac le Haut dans sa globalit\u00e9. Je trouve ce paysage magnifique. <\/figcaption>\n\t\t\t\t\t\t\t\t\t\t<\/figure>\n\t\t\t\t\t\t\t\t\t<\/div>\n\t\t\t\t<\/div>\n\t\t\t\t<\/div>\n\t\t\t\t\t<\/div>\n\t\t\t\t<\/div>\n\t\t<div class=\"elementor-element elementor-element-c8b888b e-flex e-con-boxed e-con e-parent\" data-id=\"c8b888b\" data-element_type=\"container\" data-e-type=\"container\">\n\t\t\t\t\t<div class=\"e-con-inner\">\n\t\t\t\t<div class=\"elementor-element elementor-element-ca43ff7 elementor-widget elementor-widget-text-editor\" data-id=\"ca43ff7\" data-element_type=\"widget\" data-e-type=\"widget\" data-widget_type=\"text-editor.default\">\n\t\t\t\t<div class=\"elementor-widget-container\">\n\t\t\t\t\t\t\t\t\t<p>La prochaine \u00e9tape est en cours d&rsquo;\u00e9criture. Ce carnet est pour vous, je vous remercie du fond du coeur de le lire. N&rsquo;h\u00e9sitez pas \u00e0 commenter et partager. <strong>Christian.<\/strong><\/p>\t\t\t\t\t\t\t\t<\/div>\n\t\t\t\t<\/div>\n\t\t\t\t\t<\/div>\n\t\t\t\t<\/div>\n\t\t\t\t<\/div>\n\t\t","protected":false},"excerpt":{"rendered":"<p>Marcher du Puy-en-Velay vers Compostelle via le GR65 est une aventure qui vous permettra de vous reconnecter avec vous-m\u00eame, de d\u00e9couvrir des paysages magnifiques et de vivre une exp\u00e9rience spirituelle unique. Que vous soyez croyant ou non, cette marche vous laissera des souvenirs imp\u00e9rissables et vous donnera une perspective nouvelle sur la vie.Alors, pr\u00e9parez votre [&hellip;]<\/p>\n","protected":false},"author":1,"featured_media":1642,"parent":0,"menu_order":0,"comment_status":"closed","ping_status":"closed","template":"","meta":{"footnotes":""},"class_list":["post-200","page","type-page","status-publish","has-post-thumbnail","hentry"],"aioseo_notices":[],"_links":{"self":[{"href":"https:\/\/xn--caminotlvision-hkbb.com\/index.php\/wp-json\/wp\/v2\/pages\/200","targetHints":{"allow":["GET"]}}],"collection":[{"href":"https:\/\/xn--caminotlvision-hkbb.com\/index.php\/wp-json\/wp\/v2\/pages"}],"about":[{"href":"https:\/\/xn--caminotlvision-hkbb.com\/index.php\/wp-json\/wp\/v2\/types\/page"}],"author":[{"embeddable":true,"href":"https:\/\/xn--caminotlvision-hkbb.com\/index.php\/wp-json\/wp\/v2\/users\/1"}],"replies":[{"embeddable":true,"href":"https:\/\/xn--caminotlvision-hkbb.com\/index.php\/wp-json\/wp\/v2\/comments?post=200"}],"version-history":[{"count":263,"href":"https:\/\/xn--caminotlvision-hkbb.com\/index.php\/wp-json\/wp\/v2\/pages\/200\/revisions"}],"predecessor-version":[{"id":4356,"href":"https:\/\/xn--caminotlvision-hkbb.com\/index.php\/wp-json\/wp\/v2\/pages\/200\/revisions\/4356"}],"wp:featuredmedia":[{"embeddable":true,"href":"https:\/\/xn--caminotlvision-hkbb.com\/index.php\/wp-json\/wp\/v2\/media\/1642"}],"wp:attachment":[{"href":"https:\/\/xn--caminotlvision-hkbb.com\/index.php\/wp-json\/wp\/v2\/media?parent=200"}],"curies":[{"name":"wp","href":"https:\/\/api.w.org\/{rel}","templated":true}]}}